{"id":148,"date":"2025-11-05T10:59:05","date_gmt":"2025-11-05T10:59:05","guid":{"rendered":"https:\/\/lily-gaillard.icca-reims.fr\/?page_id=148"},"modified":"2025-11-07T14:56:44","modified_gmt":"2025-11-07T14:56:44","slug":"accueil","status":"publish","type":"page","link":"https:\/\/lily-gaillard.icca-reims.fr\/","title":{"rendered":"Accueil"},"content":{"rendered":"\t\t<div data-elementor-type=\"wp-page\" data-elementor-id=\"148\" class=\"elementor elementor-148\" data-elementor-post-type=\"page\">\n\t\t\t\t<div class=\"elementor-element elementor-element-83b4fe7 e-con-full e-flex wpr-particle-no wpr-jarallax-no wpr-parallax-no wpr-sticky-section-no wpr-equal-height-no e-con e-parent\" data-id=\"83b4fe7\" data-element_type=\"container\" data-e-type=\"container\" data-settings=\"{&quot;background_background&quot;:&quot;classic&quot;}\">\n\t\t\t\t<div class=\"elementor-element elementor-element-5227e0c3 elementor-widget__width-initial elementor-widget elementor-widget-heading\" data-id=\"5227e0c3\" data-element_type=\"widget\" data-e-type=\"widget\" data-widget_type=\"heading.default\">\n\t\t\t\t\t<h2 class=\"elementor-heading-title elementor-size-default\">Lily's Portfolio <\/h2>\t\t\t\t<\/div>\n\t\t\t\t<\/div>\n\t\t<div class=\"elementor-element elementor-element-370d0e12 e-con-full elementor-hidden-desktop e-flex wpr-particle-no wpr-jarallax-no wpr-parallax-no wpr-sticky-section-no wpr-equal-height-no e-con e-parent\" data-id=\"370d0e12\" data-element_type=\"container\" data-e-type=\"container\" data-settings=\"{&quot;background_background&quot;:&quot;classic&quot;}\">\n\t\t\t\t<div class=\"elementor-element elementor-element-6d380d87 elementor-widget elementor-widget-text-editor\" data-id=\"6d380d87\" data-element_type=\"widget\" data-e-type=\"widget\" data-widget_type=\"text-editor.default\">\n\t\t\t\t\t\t\t\t\t<h2><span style=\"color: #f4f7f8;\">Un peu de moi\u00a0<\/span><\/h2>\t\t\t\t\t\t\t\t<\/div>\n\t\t<div class=\"elementor-element elementor-element-bf96416 e-flex e-con-boxed wpr-particle-no wpr-jarallax-no wpr-parallax-no wpr-sticky-section-no wpr-equal-height-no e-con e-child\" data-id=\"bf96416\" data-element_type=\"container\" data-e-type=\"container\">\n\t\t\t\t\t<div class=\"e-con-inner\">\n\t\t\t\t<div class=\"elementor-element elementor-element-cede7d2 elementor-widget elementor-widget-text-editor\" data-id=\"cede7d2\" data-element_type=\"widget\" data-e-type=\"widget\" data-widget_type=\"text-editor.default\">\n\t\t\t\t\t\t\t\t\t<p>Je m\u2019appelle Lily Gaillard, je suis une personne souriante et ambitieuse mais pas uniquement je suis perfectionniste et j\u2019aime d\u00e9couvrir de nouvelles choses chaque jour.<\/p><p>Je suis d\u00e9terminer \u00e0 me surpasser dans l\u2019ensemble des comp\u00e9tences n\u00e9cessaires pour mon futur m\u00e9tier afin de devenir la meilleure possible et de travailler dans mes univers de r\u00eaves.<\/p><p>J\u2019ai h\u00e2te de pouvoir apprendre et \u00e9voluer \u00e0 vos c\u00f4t\u00e9s.<\/p>\t\t\t\t\t\t\t\t<\/div>\n\t\t\t\t\t<\/div>\n\t\t\t\t<\/div>\n\t\t\t\t<div class=\"elementor-element elementor-element-1535f36 elementor-widget elementor-widget-text-editor\" data-id=\"1535f36\" data-element_type=\"widget\" data-e-type=\"widget\" data-widget_type=\"text-editor.default\">\n\t\t\t\t\t\t\t\t\t<div><p>Je me lance aujourd\u2019hui dans le monde de la communication et de l\u2019\u00e9v\u00e8nementiel pour plusieurs raisons.<\/p><\/div><div><p>En effet, je souhaite que mon m\u00e9tier ai un impact positif sur les personnes, que gr\u00e2ce \u00e0 mon travail, mes clients ou encore les inviter puissent se d\u00e9tendre et oublier l\u2019angoisse du quotidien \u00e0 travers les reseaux sociaux o\u00f9 encore lors d\u2019un \u00e9v\u00e8nement.<\/p><\/div><div><p>Selon moi la communication et l\u2019\u00e9v\u00e8nementiel sont des lieux de rencontre et de partage il est donc essentiel de marquer les esprits<\/p><\/div>\t\t\t\t\t\t\t\t<\/div>\n\t\t\t\t<\/div>\n\t\t<div class=\"elementor-element elementor-element-a870bf4 e-con-full elementor-hidden-mobile e-flex wpr-particle-no wpr-jarallax-no wpr-parallax-no wpr-sticky-section-no wpr-equal-height-no e-con e-parent\" data-id=\"a870bf4\" data-element_type=\"container\" data-e-type=\"container\" data-settings=\"{&quot;background_background&quot;:&quot;classic&quot;}\">\n\t\t\t\t<div class=\"elementor-element elementor-element-e118037 elementor-widget elementor-widget-text-editor\" data-id=\"e118037\" data-element_type=\"widget\" data-e-type=\"widget\" data-widget_type=\"text-editor.default\">\n\t\t\t\t\t\t\t\t\t<h2><span style=\"color: #f4f7f8;\">Un peu de moi\u00a0<\/span><\/h2>\t\t\t\t\t\t\t\t<\/div>\n\t\t\t\t<div class=\"elementor-element elementor-element-cb79ad0 elementor-widget elementor-widget-text-editor\" data-id=\"cb79ad0\" data-element_type=\"widget\" data-e-type=\"widget\" data-widget_type=\"text-editor.default\">\n\t\t\t\t\t\t\t\t\t<div><div><div><p>Je me lance aujourd\u2019hui dans le monde de la communication et de l\u2019\u00e9v\u00e8nementiel pour plusieurs raisons.<\/p><\/div><div><p>En effet, je souhaite que mon m\u00e9tier ai un impact positif sur les personnes, que gr\u00e2ce \u00e0 mon travail, mes clients ou encore les inviter puissent se d\u00e9tendre et oublier l\u2019angoisse du quotidien \u00e0 travers les reseaux sociaux o\u00f9 encore lors d\u2019un \u00e9v\u00e8nement.<\/p><\/div><div><p>Selon moi la communication et l\u2019\u00e9v\u00e8nementiel sont des lieux de rencontre et de partage il est donc essentiel de marquer les esprits<\/p><\/div><\/div><\/div>\t\t\t\t\t\t\t\t<\/div>\n\t\t\t\t<div class=\"elementor-element elementor-element-e8bd0f8 elementor-widget-tablet__width-inherit elementor-widget-mobile__width-inherit elementor-widget elementor-widget-text-editor\" data-id=\"e8bd0f8\" data-element_type=\"widget\" data-e-type=\"widget\" data-widget_type=\"text-editor.default\">\n\t\t\t\t\t\t\t\t\t<p>Je m\u2019appelle Lily Gaillard, je suis une personne souriante et ambitieuse mais pas uniquement je suis perfectionniste et j\u2019aime d\u00e9couvrir de nouvelles choses chaque jour.<\/p><p>Je suis d\u00e9terminer \u00e0 me surpasser dans l\u2019ensemble des comp\u00e9tences n\u00e9cessaires pour mon futur m\u00e9tier afin de devenir la meilleure possible et de travailler dans mes univers de r\u00eaves.<\/p><p>J\u2019ai h\u00e2te de pouvoir apprendre et \u00e9voluer \u00e0 vos c\u00f4t\u00e9s.<\/p>\t\t\t\t\t\t\t\t<\/div>\n\t\t\t\t<\/div>\n\t\t<div class=\"elementor-element elementor-element-2242b461 e-flex e-con-boxed wpr-particle-no wpr-jarallax-no wpr-parallax-no wpr-sticky-section-no wpr-equal-height-no e-con e-parent\" data-id=\"2242b461\" data-element_type=\"container\" data-e-type=\"container\">\n\t\t\t\t\t<div class=\"e-con-inner\">\n\t\t\t\t<div class=\"elementor-element elementor-element-62cbbe3b elementor-widget elementor-widget-text-editor\" data-id=\"62cbbe3b\" data-element_type=\"widget\" data-e-type=\"widget\" data-widget_type=\"text-editor.default\">\n\t\t\t\t\t\t\t\t\t<h2><span style=\"color: #c7817f;\">Mes \u00e9tudes<\/span><\/h2>\t\t\t\t\t\t\t\t<\/div>\n\t\t\t\t\t<\/div>\n\t\t\t\t<\/div>\n\t\t<div class=\"elementor-element elementor-element-456d64c2 e-flex e-con-boxed wpr-particle-no wpr-jarallax-no wpr-parallax-no wpr-sticky-section-no wpr-equal-height-no e-con e-parent\" data-id=\"456d64c2\" data-element_type=\"container\" data-e-type=\"container\">\n\t\t\t\t\t<div class=\"e-con-inner\">\n\t\t\t\t<div class=\"elementor-element elementor-element-7e02f29d elementor-widget elementor-widget-image\" data-id=\"7e02f29d\" data-element_type=\"widget\" data-e-type=\"widget\" data-widget_type=\"image.default\">\n\t\t\t\t\t\t\t\t\t\t\t\t\t\t\t<img fetchpriority=\"high\" decoding=\"async\" width=\"1366\" height=\"653\" src=\"https:\/\/lily-gaillard.icca-reims.fr\/wp-content\/uploads\/2025\/11\/Lilys-Portfolio-Final2.png\" class=\"attachment-full size-full wp-image-37\" alt=\"\" srcset=\"https:\/\/lily-gaillard.icca-reims.fr\/wp-content\/uploads\/2025\/11\/Lilys-Portfolio-Final2.png 1366w, https:\/\/lily-gaillard.icca-reims.fr\/wp-content\/uploads\/2025\/11\/Lilys-Portfolio-Final2-300x143.png 300w, https:\/\/lily-gaillard.icca-reims.fr\/wp-content\/uploads\/2025\/11\/Lilys-Portfolio-Final2-1024x490.png 1024w, https:\/\/lily-gaillard.icca-reims.fr\/wp-content\/uploads\/2025\/11\/Lilys-Portfolio-Final2-768x367.png 768w\" sizes=\"(max-width: 1366px) 100vw, 1366px\" \/>\t\t\t\t\t\t\t\t\t\t\t\t\t\t\t<\/div>\n\t\t\t\t\t<\/div>\n\t\t\t\t<\/div>\n\t\t<div class=\"elementor-element elementor-element-6e518e69 e-con-full e-flex wpr-particle-no wpr-jarallax-no wpr-parallax-no wpr-sticky-section-no wpr-equal-height-no e-con e-parent\" data-id=\"6e518e69\" data-element_type=\"container\" data-e-type=\"container\" data-settings=\"{&quot;background_background&quot;:&quot;classic&quot;}\">\n\t\t<div class=\"elementor-element elementor-element-e814b5d e-flex e-con-boxed wpr-particle-no wpr-jarallax-no wpr-parallax-no wpr-sticky-section-no wpr-equal-height-no e-con e-child\" data-id=\"e814b5d\" data-element_type=\"container\" data-e-type=\"container\">\n\t\t\t\t\t<div class=\"e-con-inner\">\n\t\t<div class=\"elementor-element elementor-element-0404ba4 e-con-full e-flex wpr-particle-no wpr-jarallax-no wpr-parallax-no wpr-sticky-section-no wpr-equal-height-no e-con e-child\" data-id=\"0404ba4\" data-element_type=\"container\" data-e-type=\"container\">\n\t\t\t\t<div class=\"elementor-element elementor-element-6cd59c1 elementor-widget elementor-widget-heading\" data-id=\"6cd59c1\" data-element_type=\"widget\" data-e-type=\"widget\" data-widget_type=\"heading.default\">\n\t\t\t\t\t<h2 class=\"elementor-heading-title elementor-size-default\">Dipl\u00f4mes annexe<br><br><\/h2>\t\t\t\t<\/div>\n\t\t\t\t<div class=\"elementor-element elementor-element-0f27bc2 elementor-absolute elementor-widget elementor-widget-text-editor\" data-id=\"0f27bc2\" data-element_type=\"widget\" data-e-type=\"widget\" data-settings=\"{&quot;_position&quot;:&quot;absolute&quot;}\" data-widget_type=\"text-editor.default\">\n\t\t\t\t\t\t\t\t\t<p>PSC1<\/p><p>PIX<\/p>\t\t\t\t\t\t\t\t<\/div>\n\t\t\t\t<\/div>\n\t\t<div class=\"elementor-element elementor-element-61e4063 e-con-full e-flex wpr-particle-no wpr-jarallax-no wpr-parallax-no wpr-sticky-section-no wpr-equal-height-no e-con e-child\" data-id=\"61e4063\" data-element_type=\"container\" data-e-type=\"container\">\n\t\t\t\t<div class=\"elementor-element elementor-element-6b80370 elementor-widget elementor-widget-heading\" data-id=\"6b80370\" data-element_type=\"widget\" data-e-type=\"widget\" data-widget_type=\"heading.default\">\n\t\t\t\t\t<h2 class=\"elementor-heading-title elementor-size-default\">Langues<\/h2>\t\t\t\t<\/div>\n\t\t\t\t<div class=\"elementor-element elementor-element-911c204 elementor-widget elementor-widget-text-editor\" data-id=\"911c204\" data-element_type=\"widget\" data-e-type=\"widget\" data-widget_type=\"text-editor.default\">\n\t\t\t\t\t\t\t\t\t<p>Anglais: niveau scolaire\u00a0<\/p><p>Espagnole: niveau scolaire<\/p>\t\t\t\t\t\t\t\t<\/div>\n\t\t\t\t<\/div>\n\t\t\t\t\t<\/div>\n\t\t\t\t<\/div>\n\t\t\t\t<div class=\"elementor-element elementor-element-3ad61b8 elementor-widget elementor-widget-heading\" data-id=\"3ad61b8\" data-element_type=\"widget\" data-e-type=\"widget\" data-widget_type=\"heading.default\">\n\t\t\t\t\t<h2 class=\"elementor-heading-title elementor-size-default\">Comp\u00e9tences<\/h2>\t\t\t\t<\/div>\n\t\t\t\t<div class=\"elementor-element elementor-element-4b64d0ce elementor-widget elementor-widget-progress\" data-id=\"4b64d0ce\" data-element_type=\"widget\" data-e-type=\"widget\" data-widget_type=\"progress.default\">\n\t\t\t\t\t\t\t\t<span class=\"elementor-title\" id=\"elementor-progress-bar-4b64d0ce\">\n\t\t\t\tCanva\t\t\t<\/span>\n\t\t\n\t\t<div aria-labelledby=\"elementor-progress-bar-4b64d0ce\" class=\"elementor-progress-wrapper\" role=\"progressbar\" aria-valuemin=\"0\" aria-valuemax=\"100\" aria-valuenow=\"90\" aria-valuetext=\"90% (Canva&lt;br&gt;)\">\n\t\t\t<div class=\"elementor-progress-bar\" data-max=\"90\">\n\t\t\t\t<span class=\"elementor-progress-text\">Canva<br><\/span>\n\t\t\t\t\t\t\t\t\t<span class=\"elementor-progress-percentage\">90%<\/span>\n\t\t\t\t\t\t\t<\/div>\n\t\t<\/div>\n\t\t\t\t\t\t<\/div>\n\t\t\t\t<div class=\"elementor-element elementor-element-2f50b8db elementor-widget elementor-widget-progress\" data-id=\"2f50b8db\" data-element_type=\"widget\" data-e-type=\"widget\" data-widget_type=\"progress.default\">\n\t\t\t\t\t\t\t\t<span class=\"elementor-title\" id=\"elementor-progress-bar-2f50b8db\">\n\t\t\t\tWordpress \t\t\t<\/span>\n\t\t\n\t\t<div aria-labelledby=\"elementor-progress-bar-2f50b8db\" class=\"elementor-progress-wrapper\" role=\"progressbar\" aria-valuemin=\"0\" aria-valuemax=\"100\" aria-valuenow=\"50\" aria-valuetext=\"50% (WordPress)\">\n\t\t\t<div class=\"elementor-progress-bar\" data-max=\"50\">\n\t\t\t\t<span class=\"elementor-progress-text\">WordPress<\/span>\n\t\t\t\t\t\t\t\t\t<span class=\"elementor-progress-percentage\">50%<\/span>\n\t\t\t\t\t\t\t<\/div>\n\t\t<\/div>\n\t\t\t\t\t\t<\/div>\n\t\t\t\t<div class=\"elementor-element elementor-element-907b828 elementor-widget elementor-widget-progress\" data-id=\"907b828\" data-element_type=\"widget\" data-e-type=\"widget\" data-widget_type=\"progress.default\">\n\t\t\t\t\t\t\t\t<span class=\"elementor-title\" id=\"elementor-progress-bar-907b828\">\n\t\t\t\tPhotoshop\t\t\t<\/span>\n\t\t\n\t\t<div aria-labelledby=\"elementor-progress-bar-907b828\" class=\"elementor-progress-wrapper\" role=\"progressbar\" aria-valuemin=\"0\" aria-valuemax=\"100\" aria-valuenow=\"30\" aria-valuetext=\"30% (Photoshop)\">\n\t\t\t<div class=\"elementor-progress-bar\" data-max=\"30\">\n\t\t\t\t<span class=\"elementor-progress-text\">Photoshop<\/span>\n\t\t\t\t\t\t\t\t\t<span class=\"elementor-progress-percentage\">30%<\/span>\n\t\t\t\t\t\t\t<\/div>\n\t\t<\/div>\n\t\t\t\t\t\t<\/div>\n\t\t\t\t<div class=\"elementor-element elementor-element-32cf74be elementor-widget elementor-widget-progress\" data-id=\"32cf74be\" data-element_type=\"widget\" data-e-type=\"widget\" data-widget_type=\"progress.default\">\n\t\t\t\t\t\t\t\t<span class=\"elementor-title\" id=\"elementor-progress-bar-32cf74be\">\n\t\t\t\tIllustrator \t\t\t<\/span>\n\t\t\n\t\t<div aria-labelledby=\"elementor-progress-bar-32cf74be\" class=\"elementor-progress-wrapper\" role=\"progressbar\" aria-valuemin=\"0\" aria-valuemax=\"100\" aria-valuenow=\"20\" aria-valuetext=\"20% (Illustrator )\">\n\t\t\t<div class=\"elementor-progress-bar\" data-max=\"20\">\n\t\t\t\t<span class=\"elementor-progress-text\">Illustrator <\/span>\n\t\t\t\t\t\t\t\t\t<span class=\"elementor-progress-percentage\">20%<\/span>\n\t\t\t\t\t\t\t<\/div>\n\t\t<\/div>\n\t\t\t\t\t\t<\/div>\n\t\t\t\t<\/div>\n\t\t<div class=\"elementor-element elementor-element-2d468e0 elementor-hidden-mobile e-flex e-con-boxed wpr-particle-no wpr-jarallax-no wpr-parallax-no wpr-sticky-section-no wpr-equal-height-no e-con e-parent\" data-id=\"2d468e0\" data-element_type=\"container\" data-e-type=\"container\" data-settings=\"{&quot;background_background&quot;:&quot;classic&quot;}\">\n\t\t\t\t\t<div class=\"e-con-inner\">\n\t\t<div class=\"elementor-element elementor-element-910bb74 e-con-full e-flex wpr-particle-no wpr-jarallax-no wpr-parallax-no wpr-sticky-section-no wpr-equal-height-no e-con e-child\" data-id=\"910bb74\" data-element_type=\"container\" data-e-type=\"container\">\n\t\t\t\t<div class=\"elementor-element elementor-element-8befced elementor-widget elementor-widget-heading\" data-id=\"8befced\" data-element_type=\"widget\" data-e-type=\"widget\" data-widget_type=\"heading.default\">\n\t\t\t\t\t<h2 class=\"elementor-heading-title elementor-size-default\">Centres d'inter\u00eats<\/h2>\t\t\t\t<\/div>\n\t\t\t\t<div class=\"elementor-element elementor-element-c634782 elementor-widget__width-initial elementor-widget elementor-widget-image\" data-id=\"c634782\" data-element_type=\"widget\" data-e-type=\"widget\" data-widget_type=\"image.default\">\n\t\t\t\t\t\t\t\t\t\t\t\t\t\t\t<img decoding=\"async\" width=\"141\" height=\"140\" src=\"https:\/\/lily-gaillard.icca-reims.fr\/wp-content\/uploads\/2025\/11\/Centre-dinteret-1.png\" class=\"attachment-large size-large wp-image-287\" alt=\"\" \/>\t\t\t\t\t\t\t\t\t\t\t\t\t\t\t<\/div>\n\t\t\t\t<div class=\"elementor-element elementor-element-b80b3fe elementor-widget__width-initial elementor-absolute elementor-widget elementor-widget-image\" data-id=\"b80b3fe\" data-element_type=\"widget\" data-e-type=\"widget\" data-settings=\"{&quot;_position&quot;:&quot;absolute&quot;}\" data-widget_type=\"image.default\">\n\t\t\t\t\t\t\t\t\t\t\t\t\t\t\t<img decoding=\"async\" width=\"133\" height=\"133\" src=\"https:\/\/lily-gaillard.icca-reims.fr\/wp-content\/uploads\/2025\/11\/Centre-dinteret-2.png\" class=\"attachment-large size-large wp-image-288\" alt=\"\" \/>\t\t\t\t\t\t\t\t\t\t\t\t\t\t\t<\/div>\n\t\t\t\t<div class=\"elementor-element elementor-element-8df0f87 elementor-widget__width-initial elementor-absolute elementor-widget elementor-widget-image\" data-id=\"8df0f87\" data-element_type=\"widget\" data-e-type=\"widget\" data-settings=\"{&quot;_position&quot;:&quot;absolute&quot;}\" data-widget_type=\"image.default\">\n\t\t\t\t\t\t\t\t\t\t\t\t\t\t\t<img loading=\"lazy\" decoding=\"async\" width=\"509\" height=\"509\" src=\"https:\/\/lily-gaillard.icca-reims.fr\/wp-content\/uploads\/2025\/11\/Centre-dinteret-3.png\" class=\"attachment-large size-large wp-image-342\" alt=\"\" srcset=\"https:\/\/lily-gaillard.icca-reims.fr\/wp-content\/uploads\/2025\/11\/Centre-dinteret-3.png 509w, https:\/\/lily-gaillard.icca-reims.fr\/wp-content\/uploads\/2025\/11\/Centre-dinteret-3-300x300.png 300w, https:\/\/lily-gaillard.icca-reims.fr\/wp-content\/uploads\/2025\/11\/Centre-dinteret-3-150x150.png 150w\" sizes=\"(max-width: 509px) 100vw, 509px\" \/>\t\t\t\t\t\t\t\t\t\t\t\t\t\t\t<\/div>\n\t\t\t\t<div class=\"elementor-element elementor-element-d8c86ee elementor-widget__width-initial elementor-absolute elementor-widget elementor-widget-image\" data-id=\"d8c86ee\" data-element_type=\"widget\" data-e-type=\"widget\" data-settings=\"{&quot;_position&quot;:&quot;absolute&quot;}\" data-widget_type=\"image.default\">\n\t\t\t\t\t\t\t\t\t\t\t\t\t\t\t<img loading=\"lazy\" decoding=\"async\" width=\"178\" height=\"178\" src=\"https:\/\/lily-gaillard.icca-reims.fr\/wp-content\/uploads\/2025\/11\/Centre-dinteret-4.png\" class=\"attachment-large size-large wp-image-343\" alt=\"\" srcset=\"https:\/\/lily-gaillard.icca-reims.fr\/wp-content\/uploads\/2025\/11\/Centre-dinteret-4.png 178w, https:\/\/lily-gaillard.icca-reims.fr\/wp-content\/uploads\/2025\/11\/Centre-dinteret-4-150x150.png 150w\" sizes=\"(max-width: 178px) 100vw, 178px\" \/>\t\t\t\t\t\t\t\t\t\t\t\t\t\t\t<\/div>\n\t\t\t\t<div class=\"elementor-element elementor-element-dda73bb elementor-widget__width-initial elementor-absolute elementor-widget elementor-widget-image\" data-id=\"dda73bb\" data-element_type=\"widget\" data-e-type=\"widget\" data-settings=\"{&quot;_position&quot;:&quot;absolute&quot;}\" data-widget_type=\"image.default\">\n\t\t\t\t\t\t\t\t\t\t\t\t\t\t\t<img loading=\"lazy\" decoding=\"async\" width=\"176\" height=\"176\" src=\"https:\/\/lily-gaillard.icca-reims.fr\/wp-content\/uploads\/2025\/11\/Centre-dinteret-5.png\" class=\"attachment-large size-large wp-image-344\" alt=\"\" srcset=\"https:\/\/lily-gaillard.icca-reims.fr\/wp-content\/uploads\/2025\/11\/Centre-dinteret-5.png 176w, https:\/\/lily-gaillard.icca-reims.fr\/wp-content\/uploads\/2025\/11\/Centre-dinteret-5-150x150.png 150w\" sizes=\"(max-width: 176px) 100vw, 176px\" \/>\t\t\t\t\t\t\t\t\t\t\t\t\t\t\t<\/div>\n\t\t\t\t<\/div>\n\t\t<div class=\"elementor-element elementor-element-d3be1ad e-con-full e-flex wpr-particle-no wpr-jarallax-no wpr-parallax-no wpr-sticky-section-no wpr-equal-height-no e-con e-child\" data-id=\"d3be1ad\" data-element_type=\"container\" data-e-type=\"container\">\n\t\t\t\t<div class=\"elementor-element elementor-element-58628b2 elementor-widget elementor-widget-heading\" data-id=\"58628b2\" data-element_type=\"widget\" data-e-type=\"widget\" data-widget_type=\"heading.default\">\n\t\t\t\t\t<h2 class=\"elementor-heading-title elementor-size-default\">Erasmus<\/h2>\t\t\t\t<\/div>\n\t\t\t\t<div class=\"elementor-element elementor-element-0270faa elementor-widget elementor-widget-text-editor\" data-id=\"0270faa\" data-element_type=\"widget\" data-e-type=\"widget\" data-widget_type=\"text-editor.default\">\n\t\t\t\t\t\t\t\t\t<div><div><div><p>Pendant mes ann\u00e9es de lyc\u00e9e j&rsquo;ai eu l&rsquo;opportunit\u00e9 de particip\u00e9 \u00e0 un projet Erasmus en Roumanie. L&rsquo;objectif de ce voyage \u00e9tait de d\u00e9couvrir une nouvelle culture, de nouvelles fa\u00e7on de vivre mais pas uniquement nous avons pus visit\u00e9 des lieux historiques du pays.<\/p><\/div><div><p>Pour moi ce voyage n&rsquo;\u00e9tait pas seulement une d\u00e9couverte culturelle mais \u00e9galement une d\u00e9couverte sur moi , en effet je n&rsquo;avais jamais voyager je me suis retrouver seule dans une famille inconnue j&rsquo;ai donc du surpasser mes angoisses et ma timidit\u00e9 de l&rsquo;\u00e9poque afin de passer un bon s\u00e9jour. Ce voyage m&rsquo;a fait grandir et ma beaucoup appris.<\/p><\/div><div><p>Tout cela pour vous monter que je peux faire de mes faiblesses une forces et que je suis pr\u00eate \u00e0 tout d\u00e9couvrir et \u00e0 d\u00e9passer mes peurs afin de devenir meilleure<\/p><\/div><\/div><\/div>\t\t\t\t\t\t\t\t<\/div>\n\t\t\t\t<\/div>\n\t\t\t\t\t<\/div>\n\t\t\t\t<\/div>\n\t\t<div class=\"elementor-element elementor-element-750c85e elementor-hidden-desktop e-flex e-con-boxed wpr-particle-no wpr-jarallax-no wpr-parallax-no wpr-sticky-section-no wpr-equal-height-no e-con e-parent\" data-id=\"750c85e\" data-element_type=\"container\" data-e-type=\"container\" data-settings=\"{&quot;background_background&quot;:&quot;classic&quot;}\">\n\t\t\t\t\t<div class=\"e-con-inner\">\n\t\t<div class=\"elementor-element elementor-element-558d640 e-con-full e-flex wpr-particle-no wpr-jarallax-no wpr-parallax-no wpr-sticky-section-no wpr-equal-height-no e-con e-child\" data-id=\"558d640\" data-element_type=\"container\" data-e-type=\"container\">\n\t\t\t\t<div class=\"elementor-element elementor-element-db333df elementor-widget elementor-widget-heading\" data-id=\"db333df\" data-element_type=\"widget\" data-e-type=\"widget\" data-widget_type=\"heading.default\">\n\t\t\t\t\t<h2 class=\"elementor-heading-title elementor-size-default\">Centres d'inter\u00eats<\/h2>\t\t\t\t<\/div>\n\t\t\t\t<div class=\"elementor-element elementor-element-40eb1f9 elementor-widget__width-initial elementor-widget elementor-widget-image\" data-id=\"40eb1f9\" data-element_type=\"widget\" data-e-type=\"widget\" data-widget_type=\"image.default\">\n\t\t\t\t\t\t\t\t\t\t\t\t\t\t\t<img decoding=\"async\" width=\"141\" height=\"140\" src=\"https:\/\/lily-gaillard.icca-reims.fr\/wp-content\/uploads\/2025\/11\/Centre-dinteret-1.png\" class=\"attachment-large size-large wp-image-287\" alt=\"\" \/>\t\t\t\t\t\t\t\t\t\t\t\t\t\t\t<\/div>\n\t\t\t\t<div class=\"elementor-element elementor-element-f0c3e4d elementor-widget__width-initial elementor-absolute elementor-widget elementor-widget-image\" data-id=\"f0c3e4d\" data-element_type=\"widget\" data-e-type=\"widget\" data-settings=\"{&quot;_position&quot;:&quot;absolute&quot;}\" data-widget_type=\"image.default\">\n\t\t\t\t\t\t\t\t\t\t\t\t\t\t\t<img decoding=\"async\" width=\"133\" height=\"133\" src=\"https:\/\/lily-gaillard.icca-reims.fr\/wp-content\/uploads\/2025\/11\/Centre-dinteret-2.png\" class=\"attachment-large size-large wp-image-288\" alt=\"\" \/>\t\t\t\t\t\t\t\t\t\t\t\t\t\t\t<\/div>\n\t\t\t\t<div class=\"elementor-element elementor-element-37c9cd0 elementor-widget__width-initial elementor-absolute elementor-widget elementor-widget-image\" data-id=\"37c9cd0\" data-element_type=\"widget\" data-e-type=\"widget\" data-settings=\"{&quot;_position&quot;:&quot;absolute&quot;}\" data-widget_type=\"image.default\">\n\t\t\t\t\t\t\t\t\t\t\t\t\t\t\t<img loading=\"lazy\" decoding=\"async\" width=\"509\" height=\"509\" src=\"https:\/\/lily-gaillard.icca-reims.fr\/wp-content\/uploads\/2025\/11\/Centre-dinteret-3.png\" class=\"attachment-large size-large wp-image-342\" alt=\"\" srcset=\"https:\/\/lily-gaillard.icca-reims.fr\/wp-content\/uploads\/2025\/11\/Centre-dinteret-3.png 509w, https:\/\/lily-gaillard.icca-reims.fr\/wp-content\/uploads\/2025\/11\/Centre-dinteret-3-300x300.png 300w, https:\/\/lily-gaillard.icca-reims.fr\/wp-content\/uploads\/2025\/11\/Centre-dinteret-3-150x150.png 150w\" sizes=\"(max-width: 509px) 100vw, 509px\" \/>\t\t\t\t\t\t\t\t\t\t\t\t\t\t\t<\/div>\n\t\t\t\t<div class=\"elementor-element elementor-element-8d50829 elementor-widget__width-initial elementor-absolute elementor-widget elementor-widget-image\" data-id=\"8d50829\" data-element_type=\"widget\" data-e-type=\"widget\" data-settings=\"{&quot;_position&quot;:&quot;absolute&quot;}\" data-widget_type=\"image.default\">\n\t\t\t\t\t\t\t\t\t\t\t\t\t\t\t<img loading=\"lazy\" decoding=\"async\" width=\"178\" height=\"178\" src=\"https:\/\/lily-gaillard.icca-reims.fr\/wp-content\/uploads\/2025\/11\/Centre-dinteret-4.png\" class=\"attachment-large size-large wp-image-343\" alt=\"\" srcset=\"https:\/\/lily-gaillard.icca-reims.fr\/wp-content\/uploads\/2025\/11\/Centre-dinteret-4.png 178w, https:\/\/lily-gaillard.icca-reims.fr\/wp-content\/uploads\/2025\/11\/Centre-dinteret-4-150x150.png 150w\" sizes=\"(max-width: 178px) 100vw, 178px\" \/>\t\t\t\t\t\t\t\t\t\t\t\t\t\t\t<\/div>\n\t\t\t\t<div class=\"elementor-element elementor-element-2891592 elementor-widget__width-initial elementor-absolute elementor-widget elementor-widget-image\" data-id=\"2891592\" data-element_type=\"widget\" data-e-type=\"widget\" data-settings=\"{&quot;_position&quot;:&quot;absolute&quot;}\" data-widget_type=\"image.default\">\n\t\t\t\t\t\t\t\t\t\t\t\t\t\t\t<img loading=\"lazy\" decoding=\"async\" width=\"176\" height=\"176\" src=\"https:\/\/lily-gaillard.icca-reims.fr\/wp-content\/uploads\/2025\/11\/Centre-dinteret-5.png\" class=\"attachment-large size-large wp-image-344\" alt=\"\" srcset=\"https:\/\/lily-gaillard.icca-reims.fr\/wp-content\/uploads\/2025\/11\/Centre-dinteret-5.png 176w, https:\/\/lily-gaillard.icca-reims.fr\/wp-content\/uploads\/2025\/11\/Centre-dinteret-5-150x150.png 150w\" sizes=\"(max-width: 176px) 100vw, 176px\" \/>\t\t\t\t\t\t\t\t\t\t\t\t\t\t\t<\/div>\n\t\t\t\t<\/div>\n\t\t<div class=\"elementor-element elementor-element-588b37f e-con-full e-flex wpr-particle-no wpr-jarallax-no wpr-parallax-no wpr-sticky-section-no wpr-equal-height-no e-con e-child\" data-id=\"588b37f\" data-element_type=\"container\" data-e-type=\"container\">\n\t\t\t\t<div class=\"elementor-element elementor-element-64c8b42 elementor-widget elementor-widget-heading\" data-id=\"64c8b42\" data-element_type=\"widget\" data-e-type=\"widget\" data-widget_type=\"heading.default\">\n\t\t\t\t\t<h2 class=\"elementor-heading-title elementor-size-default\">Erasmus<\/h2>\t\t\t\t<\/div>\n\t\t\t\t<div class=\"elementor-element elementor-element-d4cf6dd elementor-widget__width-initial elementor-widget elementor-widget-text-editor\" data-id=\"d4cf6dd\" data-element_type=\"widget\" data-e-type=\"widget\" data-widget_type=\"text-editor.default\">\n\t\t\t\t\t\t\t\t\t<div><div><div><p>Pendant mes ann\u00e9es de lyc\u00e9e j&rsquo;ai eu l&rsquo;opportunit\u00e9 de particip\u00e9 \u00e0 un projet Erasmus en Roumanie. L&rsquo;objectif de ce voyage \u00e9tait de d\u00e9couvrir une nouvelle culture, de nouvelles fa\u00e7on de vivre mais pas uniquement nous avons pus visit\u00e9 des lieux historiques du pays.<\/p><\/div><div><p>Pour moi ce voyage n&rsquo;\u00e9tait pas seulement une d\u00e9couverte culturelle mais \u00e9galement une d\u00e9couverte sur moi , en effet je n&rsquo;avais jamais voyager je me suis retrouver seule dans une famille inconnue j&rsquo;ai donc du surpasser mes angoisses et ma timidit\u00e9 de l&rsquo;\u00e9poque afin de passer un bon s\u00e9jour. Ce voyage m&rsquo;a fait grandir et ma beaucoup appris.<\/p><\/div><div><p>Tout cela pour vous monter que je peux faire de mes faiblesses une forces et que je suis pr\u00eate \u00e0 tout d\u00e9couvrir et \u00e0 d\u00e9passer mes peurs afin de devenir meilleure<\/p><\/div><\/div><\/div>\t\t\t\t\t\t\t\t<\/div>\n\t\t\t\t<\/div>\n\t\t\t\t\t<\/div>\n\t\t\t\t<\/div>\n\t\t\t\t<\/div>\n\t\t","protected":false},"excerpt":{"rendered":"<p>Lily&rsquo;s Portfolio Un peu de moi\u00a0 Je m\u2019appelle Lily Gaillard, je suis une personne souriante et ambitieuse mais pas uniquement je suis perfectionniste et j\u2019aime d\u00e9couvrir de nouvelles choses chaque jour. Je suis d\u00e9terminer \u00e0 me surpasser dans l\u2019ensemble des comp\u00e9tences n\u00e9cessaires pour mon futur m\u00e9tier afin de devenir la meilleure possible et de travailler dans mes univers de r\u00eaves. J\u2019ai h\u00e2te de pouvoir apprendre et \u00e9voluer \u00e0 vos c\u00f4t\u00e9s. Je me lance aujourd\u2019hui dans le monde de la communication et de l\u2019\u00e9v\u00e8nementiel pour plusieurs raisons. En effet, je souhaite que mon m\u00e9tier ai un impact positif sur les personnes, que gr\u00e2ce \u00e0 mon travail, mes clients ou encore les inviter puissent se d\u00e9tendre et oublier l\u2019angoisse du quotidien \u00e0 travers les reseaux sociaux o\u00f9 encore lors d\u2019un \u00e9v\u00e8nement. Selon moi la communication et l\u2019\u00e9v\u00e8nementiel sont des lieux de rencontre et de partage il est donc essentiel de marquer les esprits Un peu de moi\u00a0 Je me lance aujourd\u2019hui dans le monde de la communication et de l\u2019\u00e9v\u00e8nementiel pour plusieurs raisons. En effet, je souhaite que mon m\u00e9tier ai un impact positif sur les personnes, que gr\u00e2ce \u00e0 mon travail, mes clients ou encore les inviter puissent se d\u00e9tendre et oublier l\u2019angoisse du quotidien \u00e0 travers les reseaux sociaux o\u00f9 encore lors d\u2019un \u00e9v\u00e8nement. Selon moi la communication et l\u2019\u00e9v\u00e8nementiel sont des lieux de rencontre et de partage il est donc essentiel de marquer les esprits Je m\u2019appelle Lily Gaillard, je suis une personne souriante et ambitieuse mais pas uniquement je suis perfectionniste et j\u2019aime d\u00e9couvrir de nouvelles choses chaque jour. Je suis d\u00e9terminer \u00e0 me surpasser dans l\u2019ensemble des comp\u00e9tences n\u00e9cessaires pour mon futur m\u00e9tier afin de devenir la meilleure possible et de travailler dans mes univers de r\u00eaves. J\u2019ai h\u00e2te de pouvoir apprendre et \u00e9voluer \u00e0 vos c\u00f4t\u00e9s. Mes \u00e9tudes Dipl\u00f4mes annexe PSC1 PIX Langues Anglais: niveau scolaire\u00a0 Espagnole: niveau scolaire Comp\u00e9tences Canva Canva 90% Wordpress Wordpress 50% Photoshop Photoshop 30% Illustrator Illustrator 20% Centres d&rsquo;inter\u00eats Erasmus Pendant mes ann\u00e9es de lyc\u00e9e j&rsquo;ai eu l&rsquo;opportunit\u00e9 de particip\u00e9 \u00e0 un projet Erasmus en Roumanie. L&rsquo;objectif de ce voyage \u00e9tait de d\u00e9couvrir une nouvelle culture, de nouvelles fa\u00e7on de vivre mais pas uniquement nous avons pus visit\u00e9 des lieux historiques du pays. Pour moi ce voyage n&rsquo;\u00e9tait pas seulement une d\u00e9couverte culturelle mais \u00e9galement une d\u00e9couverte sur moi , en effet je n&rsquo;avais jamais voyager je me suis retrouver seule dans une famille inconnue j&rsquo;ai donc du surpasser mes angoisses et ma timidit\u00e9 de l&rsquo;\u00e9poque afin de passer un bon s\u00e9jour. Ce voyage m&rsquo;a fait grandir et ma beaucoup appris. Tout cela pour vous monter que je peux faire de mes faiblesses une forces et que je suis pr\u00eate \u00e0 tout d\u00e9couvrir et \u00e0 d\u00e9passer mes peurs afin de devenir meilleure Centres d&rsquo;inter\u00eats Erasmus Pendant mes ann\u00e9es de lyc\u00e9e j&rsquo;ai eu l&rsquo;opportunit\u00e9 de particip\u00e9 \u00e0 un projet Erasmus en Roumanie. L&rsquo;objectif de ce voyage \u00e9tait de d\u00e9couvrir une nouvelle culture, de nouvelles fa\u00e7on de vivre mais pas uniquement nous avons pus visit\u00e9 des lieux historiques du pays. Pour moi ce voyage n&rsquo;\u00e9tait pas seulement une d\u00e9couverte culturelle mais \u00e9galement une d\u00e9couverte sur moi , en effet je n&rsquo;avais jamais voyager je me suis retrouver seule dans une famille inconnue j&rsquo;ai donc du surpasser mes angoisses et ma timidit\u00e9 de l&rsquo;\u00e9poque afin de passer un bon s\u00e9jour. Ce voyage m&rsquo;a fait grandir et ma beaucoup appris. Tout cela pour vous monter que je peux faire de mes faiblesses une forces et que je suis pr\u00eate \u00e0 tout d\u00e9couvrir et \u00e0 d\u00e9passer mes peurs afin de devenir meilleure<\/p>\n","protected":false},"author":1,"featured_media":0,"parent":0,"menu_order":0,"comment_status":"closed","ping_status":"closed","template":"elementor_header_footer","meta":{"footnotes":""},"class_list":["post-148","page","type-page","status-publish","hentry"],"_links":{"self":[{"href":"https:\/\/lily-gaillard.icca-reims.fr\/index.php?rest_route=\/wp\/v2\/pages\/148","targetHints":{"allow":["GET"]}}],"collection":[{"href":"https:\/\/lily-gaillard.icca-reims.fr\/index.php?rest_route=\/wp\/v2\/pages"}],"about":[{"href":"https:\/\/lily-gaillard.icca-reims.fr\/index.php?rest_route=\/wp\/v2\/types\/page"}],"author":[{"embeddable":true,"href":"https:\/\/lily-gaillard.icca-reims.fr\/index.php?rest_route=\/wp\/v2\/users\/1"}],"replies":[{"embeddable":true,"href":"https:\/\/lily-gaillard.icca-reims.fr\/index.php?rest_route=%2Fwp%2Fv2%2Fcomments&post=148"}],"version-history":[{"count":56,"href":"https:\/\/lily-gaillard.icca-reims.fr\/index.php?rest_route=\/wp\/v2\/pages\/148\/revisions"}],"predecessor-version":[{"id":480,"href":"https:\/\/lily-gaillard.icca-reims.fr\/index.php?rest_route=\/wp\/v2\/pages\/148\/revisions\/480"}],"wp:attachment":[{"href":"https:\/\/lily-gaillard.icca-reims.fr\/index.php?rest_route=%2Fwp%2Fv2%2Fmedia&parent=148"}],"curies":[{"name":"wp","href":"https:\/\/api.w.org\/{rel}","templated":true}]}}