{"id":163,"date":"2025-11-05T11:02:45","date_gmt":"2025-11-05T11:02:45","guid":{"rendered":"https:\/\/lily-gaillard.icca-reims.fr\/?page_id=163"},"modified":"2025-11-07T13:37:49","modified_gmt":"2025-11-07T13:37:49","slug":"reseaux","status":"publish","type":"page","link":"https:\/\/lily-gaillard.icca-reims.fr\/?page_id=163","title":{"rendered":"R\u00e9seaux"},"content":{"rendered":"\t\t<div data-elementor-type=\"wp-page\" data-elementor-id=\"163\" class=\"elementor elementor-163\" data-elementor-post-type=\"page\">\n\t\t\t\t<div class=\"elementor-element elementor-element-990c1db e-flex e-con-boxed wpr-particle-no wpr-jarallax-no wpr-parallax-no wpr-sticky-section-no wpr-equal-height-no e-con e-parent\" data-id=\"990c1db\" data-element_type=\"container\" data-e-type=\"container\">\n\t\t\t\t\t<div class=\"e-con-inner\">\n\t\t\t\t<div class=\"elementor-element elementor-element-45bc26a elementor-widget elementor-widget-heading\" data-id=\"45bc26a\" data-element_type=\"widget\" data-e-type=\"widget\" data-widget_type=\"heading.default\">\n\t\t\t\t\t<h2 class=\"elementor-heading-title elementor-size-default\">Les r\u00e9seaux sociaux <\/h2>\t\t\t\t<\/div>\n\t\t\t\t<div class=\"elementor-element elementor-element-64f3a98 elementor-widget elementor-widget-text-editor\" data-id=\"64f3a98\" data-element_type=\"widget\" data-e-type=\"widget\" data-widget_type=\"text-editor.default\">\n\t\t\t\t\t\t\t\t\t<p><em>Des R\u00e9els pour le Greet H\u00f4tel Reims Tinqueux\u00a0<\/em><\/p>\t\t\t\t\t\t\t\t<\/div>\n\t\t\t\t\t<\/div>\n\t\t\t\t<\/div>\n\t\t<div class=\"elementor-element elementor-element-746c033 elementor-hidden-desktop e-flex e-con-boxed wpr-particle-no wpr-jarallax-no wpr-parallax-no wpr-sticky-section-no wpr-equal-height-no e-con e-parent\" data-id=\"746c033\" data-element_type=\"container\" data-e-type=\"container\" data-settings=\"{&quot;background_background&quot;:&quot;classic&quot;}\">\n\t\t\t\t\t<div class=\"e-con-inner\">\n\t\t<div class=\"elementor-element elementor-element-d89a11c e-con-full e-flex wpr-particle-no wpr-jarallax-no wpr-parallax-no wpr-sticky-section-no wpr-equal-height-no e-con e-child\" data-id=\"d89a11c\" data-element_type=\"container\" data-e-type=\"container\" data-settings=\"{&quot;background_background&quot;:&quot;classic&quot;}\">\n\t\t\t\t<div class=\"elementor-element elementor-element-b1421e1 elementor-widget__width-initial elementor-widget elementor-widget-text-editor\" data-id=\"b1421e1\" data-element_type=\"widget\" data-e-type=\"widget\" data-widget_type=\"text-editor.default\">\n\t\t\t\t\t\t\t\t\t<div><p>Lors de notre second s\u00e9minaire, nous avons eu l\u2019opportunit\u00e9 de collaborer avec le Greet H\u00f4tel de Reims Tinqueux.<\/p><p>L&rsquo;objectif de ce s\u00e9minaire \u00e9tait de r\u00e9aliser un calendrier \u00e9ditorial sur deux mois pour le compte Instagram de l&rsquo;h\u00f4tel tout en gardant les valeur centrale de l&rsquo;h\u00f4tel qui sont l&rsquo;environnement , l&rsquo;\u00e9co- responsabilit\u00e9&#8230;<\/p><p>Ce s\u00e9minaire ma appris a r\u00e9aliser un calendrier \u00e9ditorial qui correpond aux tendances , aux \u00e9v\u00e8nements mais \u00e9galement aux valeurs de l&rsquo;\u00e9tablissement, ce s\u00e9minaire n&rsquo;\u00e9tait pas uniquement de la cr\u00e9ation de contenu mais\u00a0 un r\u00e9el travail de r\u00e9flexion.<\/p><\/div>\t\t\t\t\t\t\t\t<\/div>\n\t\t\t\t<\/div>\n\t\t<div class=\"elementor-element elementor-element-9152bc7 e-con-full e-flex wpr-particle-no wpr-jarallax-no wpr-parallax-no wpr-sticky-section-no wpr-equal-height-no e-con e-child\" data-id=\"9152bc7\" data-element_type=\"container\" data-e-type=\"container\" data-settings=\"{&quot;background_background&quot;:&quot;classic&quot;}\">\n\t\t\t\t<div class=\"elementor-element elementor-element-bd258ee elementor-widget elementor-widget-text-editor\" data-id=\"bd258ee\" data-element_type=\"widget\" data-e-type=\"widget\" data-widget_type=\"text-editor.default\">\n\t\t\t\t\t\t\t\t\t<p>Pour la cr\u00e9ation de contenu, j&rsquo;ai r\u00e9aliser deux r\u00e9els Instagram, ils ont pour objectif de valoriser les espaces de l&rsquo;h\u00f4tel mais avec deux strat\u00e9gie diff\u00e9rente<\/p><p>Le premier r\u00e9el \u00e0 pour objectif de valoriser les espaces de l&rsquo;h\u00f4tel tout en suivant les tendances. Pour cela j&rsquo;ai utiliser une musique viral sur TikTok pendant le mois d&rsquo;octobre. Ceci permet de montrer la modernit\u00e9 de l&rsquo;h\u00f4tel et donc d&rsquo;attirer les jeunes a si int\u00e9resser\u00a0<\/p><p>\u00a0<\/p><p>Le second r\u00e9el \u00e0 \u00e9galement pour objectif\u00a0 de valoriser les espaces de l&rsquo;h\u00f4tel<\/p>\t\t\t\t\t\t\t\t<\/div>\n\t\t\t\t<\/div>\n\t\t\t\t\t<\/div>\n\t\t\t\t<\/div>\n\t\t<div class=\"elementor-element elementor-element-a45578f elementor-hidden-mobile e-flex e-con-boxed wpr-particle-no wpr-jarallax-no wpr-parallax-no wpr-sticky-section-no wpr-equal-height-no e-con e-parent\" data-id=\"a45578f\" data-element_type=\"container\" data-e-type=\"container\" data-settings=\"{&quot;background_background&quot;:&quot;classic&quot;}\">\n\t\t\t\t\t<div class=\"e-con-inner\">\n\t\t<div class=\"elementor-element elementor-element-3758ecb e-con-full e-flex wpr-particle-no wpr-jarallax-no wpr-parallax-no wpr-sticky-section-no wpr-equal-height-no e-con e-child\" data-id=\"3758ecb\" data-element_type=\"container\" data-e-type=\"container\" data-settings=\"{&quot;background_background&quot;:&quot;classic&quot;}\">\n\t\t\t\t<div class=\"elementor-element elementor-element-f664c4c elementor-widget__width-initial elementor-absolute elementor-widget elementor-widget-text-editor\" data-id=\"f664c4c\" data-element_type=\"widget\" data-e-type=\"widget\" data-settings=\"{&quot;_position&quot;:&quot;absolute&quot;}\" data-widget_type=\"text-editor.default\">\n\t\t\t\t\t\t\t\t\t<div><p>Lors de notre second s\u00e9minaire, nous avons eu l\u2019opportunit\u00e9 de collaborer avec le Greet H\u00f4tel de Reims Tinqueux.<\/p><p>L&rsquo;objectif de ce s\u00e9minaire \u00e9tait de r\u00e9aliser un calendrier \u00e9ditorial sur deux mois pour le compte Instagram de l&rsquo;h\u00f4tel tout en gardant les valeurs centrales de l&rsquo;h\u00f4tel qui sont l&rsquo;environnement , l&rsquo;\u00e9co- responsabilit\u00e9&#8230;<\/p><p>Ce s\u00e9minaire ma appris a r\u00e9aliser un calendrier \u00e9ditorial qui correspond aux tendances , aux \u00e9v\u00e8nements mais \u00e9galement aux valeurs de l&rsquo;\u00e9tablissement, ce s\u00e9minaire n&rsquo;\u00e9tait pas uniquement de la cr\u00e9ation de contenu mais\u00a0 un r\u00e9el travail de r\u00e9flexion.<\/p><\/div>\t\t\t\t\t\t\t\t<\/div>\n\t\t\t\t<\/div>\n\t\t<div class=\"elementor-element elementor-element-276e2dc e-con-full e-flex wpr-particle-no wpr-jarallax-no wpr-parallax-no wpr-sticky-section-no wpr-equal-height-no e-con e-child\" data-id=\"276e2dc\" data-element_type=\"container\" data-e-type=\"container\" data-settings=\"{&quot;background_background&quot;:&quot;classic&quot;}\">\n\t\t\t\t<div class=\"elementor-element elementor-element-9e775a9 elementor-widget__width-initial elementor-absolute elementor-widget elementor-widget-text-editor\" data-id=\"9e775a9\" data-element_type=\"widget\" data-e-type=\"widget\" data-settings=\"{&quot;_position&quot;:&quot;absolute&quot;}\" data-widget_type=\"text-editor.default\">\n\t\t\t\t\t\t\t\t\t<p style=\"text-align: center;\">Pour la cr\u00e9ation de contenu, j&rsquo;ai r\u00e9aliser deux r\u00e9els Instagram, ils ont pour objectif de valoriser les espaces de l&rsquo;h\u00f4tel mais avec deux strat\u00e9gies diff\u00e9rentes<\/p><p>Le premier r\u00e9el \u00e0 pour objectif de valoriser les espaces de l&rsquo;h\u00f4tel tout en suivant les tendances. Pour cela j&rsquo;ai utiliser une musique viral sur TikTok pendant le mois d&rsquo;octobre. Ceci permet de montrer la modernit\u00e9 de l&rsquo;h\u00f4tel et donc d&rsquo;attirer les jeunes a s&rsquo;int\u00e9resser \u00e0 ce lieux.\u00a0<\/p><p>Le second r\u00e9el \u00e0 \u00e9galement pour objectif\u00a0 de valoriser les espaces de l&rsquo;h\u00f4tel mais de fa\u00e7on dynamique et d&rsquo;avantage d\u00e9tailler car j&rsquo;ai r\u00e9aliser un focus pour chaque espaces.\u00a0<\/p>\t\t\t\t\t\t\t\t<\/div>\n\t\t\t\t<\/div>\n\t\t\t\t\t<\/div>\n\t\t\t\t<\/div>\n\t\t<div class=\"elementor-element elementor-element-6d85c70 e-flex e-con-boxed wpr-particle-no wpr-jarallax-no wpr-parallax-no wpr-sticky-section-no wpr-equal-height-no e-con e-parent\" data-id=\"6d85c70\" data-element_type=\"container\" data-e-type=\"container\">\n\t\t\t\t\t<div class=\"e-con-inner\">\n\t\t\t\t<div class=\"elementor-element elementor-element-d5409b7 elementor-widget elementor-widget-video\" data-id=\"d5409b7\" data-element_type=\"widget\" data-e-type=\"widget\" data-settings=\"{&quot;video_type&quot;:&quot;hosted&quot;,&quot;controls&quot;:&quot;yes&quot;}\" data-widget_type=\"video.default\">\n\t\t\t\t\t\t\t<div class=\"e-hosted-video elementor-wrapper elementor-open-inline\">\n\t\t\t\t\t<video class=\"elementor-video\" src=\"https:\/\/lily-gaillard.icca-reims.fr\/wp-content\/uploads\/2025\/11\/Reels-insta-2-final.mp4\" controls=\"\" preload=\"metadata\" controlsList=\"nodownload\"><\/video>\n\t\t\t\t<\/div>\n\t\t\t\t\t\t<\/div>\n\t\t\t\t<div class=\"elementor-element elementor-element-2ce524d elementor-widget elementor-widget-video\" data-id=\"2ce524d\" data-element_type=\"widget\" data-e-type=\"widget\" data-settings=\"{&quot;video_type&quot;:&quot;hosted&quot;,&quot;controls&quot;:&quot;yes&quot;}\" data-widget_type=\"video.default\">\n\t\t\t\t\t\t\t<div class=\"e-hosted-video elementor-wrapper elementor-open-inline\">\n\t\t\t\t\t<video class=\"elementor-video\" src=\"https:\/\/lily-gaillard.icca-reims.fr\/wp-content\/uploads\/2025\/11\/Reels-insta-1-final-1.mp4\" controls=\"\" preload=\"metadata\" controlsList=\"nodownload\"><\/video>\n\t\t\t\t<\/div>\n\t\t\t\t\t\t<\/div>\n\t\t\t\t\t<\/div>\n\t\t\t\t<\/div>\n\t\t<div class=\"elementor-element elementor-element-3779111 e-flex e-con-boxed wpr-particle-no wpr-jarallax-no wpr-parallax-no wpr-sticky-section-no wpr-equal-height-no e-con e-parent\" data-id=\"3779111\" data-element_type=\"container\" data-e-type=\"container\">\n\t\t\t\t\t<div class=\"e-con-inner\">\n\t\t\t\t<div class=\"elementor-element elementor-element-4447fd6 elementor-widget elementor-widget-text-editor\" data-id=\"4447fd6\" data-element_type=\"widget\" data-e-type=\"widget\" data-widget_type=\"text-editor.default\">\n\t\t\t\t\t\t\t\t\t<p><em>Une story lors de la cr\u00e9ation d&rsquo;un \u00e9v\u00e9nement<\/em>\u00a0<\/p>\t\t\t\t\t\t\t\t<\/div>\n\t\t\t\t\t<\/div>\n\t\t\t\t<\/div>\n\t\t<div class=\"elementor-element elementor-element-d93d6cc e-flex e-con-boxed wpr-particle-no wpr-jarallax-no wpr-parallax-no wpr-sticky-section-no wpr-equal-height-no e-con e-parent\" data-id=\"d93d6cc\" data-element_type=\"container\" data-e-type=\"container\">\n\t\t\t\t\t<div class=\"e-con-inner\">\n\t\t<div class=\"elementor-element elementor-element-b275207 e-con-full e-flex wpr-particle-no wpr-jarallax-no wpr-parallax-no wpr-sticky-section-no wpr-equal-height-no e-con e-child\" data-id=\"b275207\" data-element_type=\"container\" data-e-type=\"container\" data-settings=\"{&quot;background_background&quot;:&quot;classic&quot;}\">\n\t\t\t\t<div class=\"elementor-element elementor-element-6fa236d elementor-widget elementor-widget-video\" data-id=\"6fa236d\" data-element_type=\"widget\" data-e-type=\"widget\" data-settings=\"{&quot;video_type&quot;:&quot;hosted&quot;,&quot;controls&quot;:&quot;yes&quot;}\" data-widget_type=\"video.default\">\n\t\t\t\t\t\t\t<div class=\"e-hosted-video elementor-wrapper elementor-open-inline\">\n\t\t\t\t\t<video class=\"elementor-video\" src=\"https:\/\/lily-gaillard.icca-reims.fr\/wp-content\/uploads\/2025\/11\/Story-insta-final.mp4\" controls=\"\" preload=\"metadata\" controlsList=\"nodownload\"><\/video>\n\t\t\t\t<\/div>\n\t\t\t\t\t\t<\/div>\n\t\t\t\t<\/div>\n\t\t<div class=\"elementor-element elementor-element-2b5903d e-con-full e-flex wpr-particle-no wpr-jarallax-no wpr-parallax-no wpr-sticky-section-no wpr-equal-height-no e-con e-child\" data-id=\"2b5903d\" data-element_type=\"container\" data-e-type=\"container\" data-settings=\"{&quot;background_background&quot;:&quot;classic&quot;}\">\n\t\t\t\t<div class=\"elementor-element elementor-element-363ddc6 elementor-widget__width-initial elementor-absolute elementor-widget elementor-widget-text-editor\" data-id=\"363ddc6\" data-element_type=\"widget\" data-e-type=\"widget\" data-settings=\"{&quot;_position&quot;:&quot;absolute&quot;}\" data-widget_type=\"text-editor.default\">\n\t\t\t\t\t\t\t\t\t<p>Lors de notre cinqui\u00e8me s\u00e9minaire nous avions comme objectif de cr\u00e9er une activit\u00e9 d&rsquo;Halloween dans notre campus.<\/p><p>Nous \u00e9tions en charge de l&rsquo;ensemble de l&rsquo;\u00e9v\u00e8nement de la r\u00e9flexion, a la campagne de communication jusqu&rsquo;a l&rsquo;organisation du jour j.<\/p><p>Ce s\u00e9minaire m&rsquo;a appris qu&rsquo;un \u00e9v\u00e9nement prenait du temps a cr\u00e9er car il y a un vrai travail de r\u00e9flexion avant m\u00eame de penser \u00e0 l&rsquo;activit\u00e9, il m&rsquo;a \u00e9galement appris qu&rsquo;un \u00e9v\u00e9nement \u00e9tait remplit d&rsquo;al\u00e9a qu&rsquo;il faut g\u00e9rer de fa\u00e7on discr\u00e8te.\u00a0<\/p>\t\t\t\t\t\t\t\t<\/div>\n\t\t\t\t<\/div>\n\t\t\t\t\t<\/div>\n\t\t\t\t<\/div>\n\t\t\t\t<\/div>\n\t\t","protected":false},"excerpt":{"rendered":"<p>Les r\u00e9seaux sociaux Des R\u00e9els pour le Greet H\u00f4tel Reims Tinqueux\u00a0 Lors de notre second s\u00e9minaire, nous avons eu l\u2019opportunit\u00e9 de collaborer avec le Greet H\u00f4tel de Reims Tinqueux. L&rsquo;objectif de ce s\u00e9minaire \u00e9tait de r\u00e9aliser un calendrier \u00e9ditorial sur deux mois pour le compte Instagram de l&rsquo;h\u00f4tel tout en gardant les valeur centrale de l&rsquo;h\u00f4tel qui sont l&rsquo;environnement , l&rsquo;\u00e9co- responsabilit\u00e9&#8230; Ce s\u00e9minaire ma appris a r\u00e9aliser un calendrier \u00e9ditorial qui correpond aux tendances , aux \u00e9v\u00e8nements mais \u00e9galement aux valeurs de l&rsquo;\u00e9tablissement, ce s\u00e9minaire n&rsquo;\u00e9tait pas uniquement de la cr\u00e9ation de contenu mais\u00a0 un r\u00e9el travail de r\u00e9flexion. Pour la cr\u00e9ation de contenu, j&rsquo;ai r\u00e9aliser deux r\u00e9els Instagram, ils ont pour objectif de valoriser les espaces de l&rsquo;h\u00f4tel mais avec deux strat\u00e9gie diff\u00e9rente Le premier r\u00e9el \u00e0 pour objectif de valoriser les espaces de l&rsquo;h\u00f4tel tout en suivant les tendances. Pour cela j&rsquo;ai utiliser une musique viral sur TikTok pendant le mois d&rsquo;octobre. Ceci permet de montrer la modernit\u00e9 de l&rsquo;h\u00f4tel et donc d&rsquo;attirer les jeunes a si int\u00e9resser\u00a0 \u00a0 Le second r\u00e9el \u00e0 \u00e9galement pour objectif\u00a0 de valoriser les espaces de l&rsquo;h\u00f4tel Lors de notre second s\u00e9minaire, nous avons eu l\u2019opportunit\u00e9 de collaborer avec le Greet H\u00f4tel de Reims Tinqueux. L&rsquo;objectif de ce s\u00e9minaire \u00e9tait de r\u00e9aliser un calendrier \u00e9ditorial sur deux mois pour le compte Instagram de l&rsquo;h\u00f4tel tout en gardant les valeurs centrales de l&rsquo;h\u00f4tel qui sont l&rsquo;environnement , l&rsquo;\u00e9co- responsabilit\u00e9&#8230; Ce s\u00e9minaire ma appris a r\u00e9aliser un calendrier \u00e9ditorial qui correspond aux tendances , aux \u00e9v\u00e8nements mais \u00e9galement aux valeurs de l&rsquo;\u00e9tablissement, ce s\u00e9minaire n&rsquo;\u00e9tait pas uniquement de la cr\u00e9ation de contenu mais\u00a0 un r\u00e9el travail de r\u00e9flexion. Pour la cr\u00e9ation de contenu, j&rsquo;ai r\u00e9aliser deux r\u00e9els Instagram, ils ont pour objectif de valoriser les espaces de l&rsquo;h\u00f4tel mais avec deux strat\u00e9gies diff\u00e9rentes Le premier r\u00e9el \u00e0 pour objectif de valoriser les espaces de l&rsquo;h\u00f4tel tout en suivant les tendances. Pour cela j&rsquo;ai utiliser une musique viral sur TikTok pendant le mois d&rsquo;octobre. Ceci permet de montrer la modernit\u00e9 de l&rsquo;h\u00f4tel et donc d&rsquo;attirer les jeunes a s&rsquo;int\u00e9resser \u00e0 ce lieux.\u00a0 Le second r\u00e9el \u00e0 \u00e9galement pour objectif\u00a0 de valoriser les espaces de l&rsquo;h\u00f4tel mais de fa\u00e7on dynamique et d&rsquo;avantage d\u00e9tailler car j&rsquo;ai r\u00e9aliser un focus pour chaque espaces.\u00a0 https:\/\/lily-gaillard.icca-reims.fr\/wp-content\/uploads\/2025\/11\/Reels-insta-2-final.mp4https:\/\/lily-gaillard.icca-reims.fr\/wp-content\/uploads\/2025\/11\/Reels-insta-1-final-1.mp4 Une story lors de la cr\u00e9ation d&rsquo;un \u00e9v\u00e9nement\u00a0 https:\/\/lily-gaillard.icca-reims.fr\/wp-content\/uploads\/2025\/11\/Story-insta-final.mp4 Lors de notre cinqui\u00e8me s\u00e9minaire nous avions comme objectif de cr\u00e9er une activit\u00e9 d&rsquo;Halloween dans notre campus. Nous \u00e9tions en charge de l&rsquo;ensemble de l&rsquo;\u00e9v\u00e8nement de la r\u00e9flexion, a la campagne de communication jusqu&rsquo;a l&rsquo;organisation du jour j. Ce s\u00e9minaire m&rsquo;a appris qu&rsquo;un \u00e9v\u00e9nement prenait du temps a cr\u00e9er car il y a un vrai travail de r\u00e9flexion avant m\u00eame de penser \u00e0 l&rsquo;activit\u00e9, il m&rsquo;a \u00e9galement appris qu&rsquo;un \u00e9v\u00e9nement \u00e9tait remplit d&rsquo;al\u00e9a qu&rsquo;il faut g\u00e9rer de fa\u00e7on discr\u00e8te.\u00a0<\/p>\n","protected":false},"author":1,"featured_media":0,"parent":0,"menu_order":0,"comment_status":"closed","ping_status":"closed","template":"elementor_header_footer","meta":{"footnotes":""},"class_list":["post-163","page","type-page","status-publish","hentry"],"_links":{"self":[{"href":"https:\/\/lily-gaillard.icca-reims.fr\/index.php?rest_route=\/wp\/v2\/pages\/163","targetHints":{"allow":["GET"]}}],"collection":[{"href":"https:\/\/lily-gaillard.icca-reims.fr\/index.php?rest_route=\/wp\/v2\/pages"}],"about":[{"href":"https:\/\/lily-gaillard.icca-reims.fr\/index.php?rest_route=\/wp\/v2\/types\/page"}],"author":[{"embeddable":true,"href":"https:\/\/lily-gaillard.icca-reims.fr\/index.php?rest_route=\/wp\/v2\/users\/1"}],"replies":[{"embeddable":true,"href":"https:\/\/lily-gaillard.icca-reims.fr\/index.php?rest_route=%2Fwp%2Fv2%2Fcomments&post=163"}],"version-history":[{"count":55,"href":"https:\/\/lily-gaillard.icca-reims.fr\/index.php?rest_route=\/wp\/v2\/pages\/163\/revisions"}],"predecessor-version":[{"id":458,"href":"https:\/\/lily-gaillard.icca-reims.fr\/index.php?rest_route=\/wp\/v2\/pages\/163\/revisions\/458"}],"wp:attachment":[{"href":"https:\/\/lily-gaillard.icca-reims.fr\/index.php?rest_route=%2Fwp%2Fv2%2Fmedia&parent=163"}],"curies":[{"name":"wp","href":"https:\/\/api.w.org\/{rel}","templated":true}]}}