{"id":364,"date":"2025-11-06T18:22:20","date_gmt":"2025-11-06T18:22:20","guid":{"rendered":"https:\/\/lily-gaillard.icca-reims.fr\/?page_id=364"},"modified":"2025-11-07T15:04:41","modified_gmt":"2025-11-07T15:04:41","slug":"affiches","status":"publish","type":"page","link":"https:\/\/lily-gaillard.icca-reims.fr\/?page_id=364","title":{"rendered":"Affiches"},"content":{"rendered":"\t\t<div data-elementor-type=\"wp-page\" data-elementor-id=\"364\" class=\"elementor elementor-364\" data-elementor-post-type=\"page\">\n\t\t\t\t<div class=\"elementor-element elementor-element-1bac958 e-flex e-con-boxed wpr-particle-no wpr-jarallax-no wpr-parallax-no wpr-sticky-section-no wpr-equal-height-no e-con e-parent\" data-id=\"1bac958\" data-element_type=\"container\" data-e-type=\"container\">\n\t\t\t\t\t<div class=\"e-con-inner\">\n\t\t\t\t<div class=\"elementor-element elementor-element-97c067a elementor-widget elementor-widget-heading\" data-id=\"97c067a\" data-element_type=\"widget\" data-e-type=\"widget\" data-widget_type=\"heading.default\">\n\t\t\t\t\t<h2 class=\"elementor-heading-title elementor-size-default\">Affiches<\/h2>\t\t\t\t<\/div>\n\t\t\t\t<div class=\"elementor-element elementor-element-012b080 elementor-widget elementor-widget-text-editor\" data-id=\"012b080\" data-element_type=\"widget\" data-e-type=\"widget\" data-widget_type=\"text-editor.default\">\n\t\t\t\t\t\t\t\t\t<p><em>Sur Photoshop<\/em><\/p>\t\t\t\t\t\t\t\t<\/div>\n\t\t\t\t\t<\/div>\n\t\t\t\t<\/div>\n\t\t<div class=\"elementor-element elementor-element-36797ad elementor-hidden-mobile e-flex e-con-boxed wpr-particle-no wpr-jarallax-no wpr-parallax-no wpr-sticky-section-no wpr-equal-height-no e-con e-parent\" data-id=\"36797ad\" data-element_type=\"container\" data-e-type=\"container\">\n\t\t\t\t\t<div class=\"e-con-inner\">\n\t\t<div class=\"elementor-element elementor-element-81bc0b3 e-con-full e-flex wpr-particle-no wpr-jarallax-no wpr-parallax-no wpr-sticky-section-no wpr-equal-height-no e-con e-child\" data-id=\"81bc0b3\" data-element_type=\"container\" data-e-type=\"container\" data-settings=\"{&quot;background_background&quot;:&quot;classic&quot;}\">\n\t\t\t\t<div class=\"elementor-element elementor-element-dbd85a3 elementor-widget__width-initial elementor-absolute elementor-widget elementor-widget-text-editor\" data-id=\"dbd85a3\" data-element_type=\"widget\" data-e-type=\"widget\" data-settings=\"{&quot;_position&quot;:&quot;absolute&quot;}\" data-widget_type=\"text-editor.default\">\n\t\t\t\t\t\t\t\t\t<p>Notre troisi\u00e8me s\u00e9minaire portait sur le logiciel Photoshop, l&rsquo;objectif \u00e9tait de r\u00e9aliser la charte graphique et la campagne de communication pour un \u00e9v\u00e9nement que nous avions nous m\u00eame imaginer.<\/p><p>Pour ma part j&rsquo;ai d\u00e9cider de cr\u00e9er un march\u00e9 de NO\u00cbL \u00e0 mon image minimaliste. Pour cela j&rsquo;ai r\u00e9aliser un carrousel pour Instagram, un flyer ainsi qu&rsquo;une affiche que vous observer ci contre.<\/p><p>Ce s\u00e9minaire m&rsquo;\u00e0 permis d&rsquo;acquerir les bases de Photoshop et d&rsquo;am\u00e9liorer mes connaissances en design graphique .\u00a0 \u00a0<\/p>\t\t\t\t\t\t\t\t<\/div>\n\t\t\t\t<\/div>\n\t\t<div class=\"elementor-element elementor-element-879256d e-con-full e-flex wpr-particle-no wpr-jarallax-no wpr-parallax-no wpr-sticky-section-no wpr-equal-height-no e-con e-child\" data-id=\"879256d\" data-element_type=\"container\" data-e-type=\"container\">\n\t\t\t\t<div class=\"elementor-element elementor-element-f7baea7 elementor-widget elementor-widget-image\" data-id=\"f7baea7\" data-element_type=\"widget\" data-e-type=\"widget\" data-widget_type=\"image.default\">\n\t\t\t\t\t\t\t\t\t\t\t\t\t\t\t<img fetchpriority=\"high\" decoding=\"async\" width=\"1024\" height=\"1024\" src=\"https:\/\/lily-gaillard.icca-reims.fr\/wp-content\/uploads\/2025\/11\/mockup-affiche-1024x1024.png\" class=\"attachment-large size-large wp-image-400\" alt=\"\" srcset=\"https:\/\/lily-gaillard.icca-reims.fr\/wp-content\/uploads\/2025\/11\/mockup-affiche-1024x1024.png 1024w, https:\/\/lily-gaillard.icca-reims.fr\/wp-content\/uploads\/2025\/11\/mockup-affiche-300x300.png 300w, https:\/\/lily-gaillard.icca-reims.fr\/wp-content\/uploads\/2025\/11\/mockup-affiche-150x150.png 150w, https:\/\/lily-gaillard.icca-reims.fr\/wp-content\/uploads\/2025\/11\/mockup-affiche-768x768.png 768w, https:\/\/lily-gaillard.icca-reims.fr\/wp-content\/uploads\/2025\/11\/mockup-affiche.png 1080w\" sizes=\"(max-width: 1024px) 100vw, 1024px\" \/>\t\t\t\t\t\t\t\t\t\t\t\t\t\t\t<\/div>\n\t\t\t\t<\/div>\n\t\t\t\t\t<\/div>\n\t\t\t\t<\/div>\n\t\t<div class=\"elementor-element elementor-element-35aa34a elementor-hidden-desktop elementor-hidden-tablet e-flex e-con-boxed wpr-particle-no wpr-jarallax-no wpr-parallax-no wpr-sticky-section-no wpr-equal-height-no e-con e-parent\" data-id=\"35aa34a\" data-element_type=\"container\" data-e-type=\"container\">\n\t\t\t\t\t<div class=\"e-con-inner\">\n\t\t<div class=\"elementor-element elementor-element-bc1b5e5 e-con-full e-flex wpr-particle-no wpr-jarallax-no wpr-parallax-no wpr-sticky-section-no wpr-equal-height-no e-con e-child\" data-id=\"bc1b5e5\" data-element_type=\"container\" data-e-type=\"container\" data-settings=\"{&quot;background_background&quot;:&quot;classic&quot;}\">\n\t\t\t\t<div class=\"elementor-element elementor-element-834fea1 elementor-widget__width-initial elementor-absolute elementor-widget-mobile__width-initial elementor-widget elementor-widget-text-editor\" data-id=\"834fea1\" data-element_type=\"widget\" data-e-type=\"widget\" data-settings=\"{&quot;_position&quot;:&quot;absolute&quot;}\" data-widget_type=\"text-editor.default\">\n\t\t\t\t\t\t\t\t\t<p>Notre troisi\u00e8me s\u00e9minaire portait sur le logiciel Photoshop, l&rsquo;objectif \u00e9tait de r\u00e9aliser la charte graphique et la campagne de communication pour un \u00e9v\u00e9nement que nous avions nous m\u00eame imaginer.<\/p><p>Pour ma part j&rsquo;ai d\u00e9cider de cr\u00e9er un march\u00e9 de NO\u00cbL \u00e0 mon image minimaliste. Pour cela j&rsquo;ai r\u00e9aliser un carrousel pour Instagram, un flyer ainsi qu&rsquo;une affiche que vous observer ci contre.<\/p><p>Ce s\u00e9minaire m&rsquo;\u00e0 permis d&rsquo;acquerir les bases de Photoshop et d&rsquo;am\u00e9liorer mes connaissances en design graphique .\u00a0 \u00a0<\/p>\t\t\t\t\t\t\t\t<\/div>\n\t\t\t\t<\/div>\n\t\t\t\t<div class=\"elementor-element elementor-element-764a388 elementor-widget elementor-widget-image\" data-id=\"764a388\" data-element_type=\"widget\" data-e-type=\"widget\" data-widget_type=\"image.default\">\n\t\t\t\t\t\t\t\t\t\t\t\t\t\t\t<img fetchpriority=\"high\" decoding=\"async\" width=\"1024\" height=\"1024\" src=\"https:\/\/lily-gaillard.icca-reims.fr\/wp-content\/uploads\/2025\/11\/mockup-affiche-1024x1024.png\" class=\"attachment-large size-large wp-image-400\" alt=\"\" srcset=\"https:\/\/lily-gaillard.icca-reims.fr\/wp-content\/uploads\/2025\/11\/mockup-affiche-1024x1024.png 1024w, https:\/\/lily-gaillard.icca-reims.fr\/wp-content\/uploads\/2025\/11\/mockup-affiche-300x300.png 300w, https:\/\/lily-gaillard.icca-reims.fr\/wp-content\/uploads\/2025\/11\/mockup-affiche-150x150.png 150w, https:\/\/lily-gaillard.icca-reims.fr\/wp-content\/uploads\/2025\/11\/mockup-affiche-768x768.png 768w, https:\/\/lily-gaillard.icca-reims.fr\/wp-content\/uploads\/2025\/11\/mockup-affiche.png 1080w\" sizes=\"(max-width: 1024px) 100vw, 1024px\" \/>\t\t\t\t\t\t\t\t\t\t\t\t\t\t\t<\/div>\n\t\t<div class=\"elementor-element elementor-element-b43a1f1 e-con-full e-flex wpr-particle-no wpr-jarallax-no wpr-parallax-no wpr-sticky-section-no wpr-equal-height-no e-con e-child\" data-id=\"b43a1f1\" data-element_type=\"container\" data-e-type=\"container\">\n\t\t\t\t<\/div>\n\t\t\t\t\t<\/div>\n\t\t\t\t<\/div>\n\t\t<div class=\"elementor-element elementor-element-da43172 e-flex e-con-boxed wpr-particle-no wpr-jarallax-no wpr-parallax-no wpr-sticky-section-no wpr-equal-height-no e-con e-parent\" data-id=\"da43172\" data-element_type=\"container\" data-e-type=\"container\">\n\t\t\t\t\t<div class=\"e-con-inner\">\n\t\t\t\t\t<\/div>\n\t\t\t\t<\/div>\n\t\t\t\t<\/div>\n\t\t","protected":false},"excerpt":{"rendered":"<p>Affiches Sur Photoshop Notre troisi\u00e8me s\u00e9minaire portait sur le logiciel Photoshop, l&rsquo;objectif \u00e9tait de r\u00e9aliser la charte graphique et la campagne de communication pour un \u00e9v\u00e9nement que nous avions nous m\u00eame imaginer. Pour ma part j&rsquo;ai d\u00e9cider de cr\u00e9er un march\u00e9 de NO\u00cbL \u00e0 mon image minimaliste. Pour cela j&rsquo;ai r\u00e9aliser un carrousel pour Instagram, un flyer ainsi qu&rsquo;une affiche que vous observer ci contre. Ce s\u00e9minaire m&rsquo;\u00e0 permis d&rsquo;acquerir les bases de Photoshop et d&rsquo;am\u00e9liorer mes connaissances en design graphique .\u00a0 \u00a0 Notre troisi\u00e8me s\u00e9minaire portait sur le logiciel Photoshop, l&rsquo;objectif \u00e9tait de r\u00e9aliser la charte graphique et la campagne de communication pour un \u00e9v\u00e9nement que nous avions nous m\u00eame imaginer. Pour ma part j&rsquo;ai d\u00e9cider de cr\u00e9er un march\u00e9 de NO\u00cbL \u00e0 mon image minimaliste. Pour cela j&rsquo;ai r\u00e9aliser un carrousel pour Instagram, un flyer ainsi qu&rsquo;une affiche que vous observer ci contre. Ce s\u00e9minaire m&rsquo;\u00e0 permis d&rsquo;acquerir les bases de Photoshop et d&rsquo;am\u00e9liorer mes connaissances en design graphique .\u00a0 \u00a0<\/p>\n","protected":false},"author":1,"featured_media":0,"parent":0,"menu_order":0,"comment_status":"closed","ping_status":"closed","template":"","meta":{"footnotes":""},"class_list":["post-364","page","type-page","status-publish","hentry"],"_links":{"self":[{"href":"https:\/\/lily-gaillard.icca-reims.fr\/index.php?rest_route=\/wp\/v2\/pages\/364","targetHints":{"allow":["GET"]}}],"collection":[{"href":"https:\/\/lily-gaillard.icca-reims.fr\/index.php?rest_route=\/wp\/v2\/pages"}],"about":[{"href":"https:\/\/lily-gaillard.icca-reims.fr\/index.php?rest_route=\/wp\/v2\/types\/page"}],"author":[{"embeddable":true,"href":"https:\/\/lily-gaillard.icca-reims.fr\/index.php?rest_route=\/wp\/v2\/users\/1"}],"replies":[{"embeddable":true,"href":"https:\/\/lily-gaillard.icca-reims.fr\/index.php?rest_route=%2Fwp%2Fv2%2Fcomments&post=364"}],"version-history":[{"count":19,"href":"https:\/\/lily-gaillard.icca-reims.fr\/index.php?rest_route=\/wp\/v2\/pages\/364\/revisions"}],"predecessor-version":[{"id":483,"href":"https:\/\/lily-gaillard.icca-reims.fr\/index.php?rest_route=\/wp\/v2\/pages\/364\/revisions\/483"}],"wp:attachment":[{"href":"https:\/\/lily-gaillard.icca-reims.fr\/index.php?rest_route=%2Fwp%2Fv2%2Fmedia&parent=364"}],"curies":[{"name":"wp","href":"https:\/\/api.w.org\/{rel}","templated":true}]}}